{"id":24,"date":"2019-02-14T12:21:00","date_gmt":"2019-02-14T11:21:00","guid":{"rendered":"http:\/\/www.frangoal.com\/?page_id=24"},"modified":"2025-01-14T13:34:58","modified_gmt":"2025-01-14T11:34:58","slug":"qui-som","status":"publish","type":"page","link":"https:\/\/frangoal.com\/ca\/lescola\/qui-som","title":{"rendered":"Qui Som?"},"content":{"rendered":"<div class=\"wpb-content-wrapper\"><p>[vc_row][vc_column width=&#8221;1\/2&#8243;][vc_column_text]<\/p>\n<h3><strong>Qui som?<\/strong><\/h3>\n<p>[\/vc_column_text][vc_column_text]<\/p>\n<p class=\"p1\" style=\"text-align: justify;\"><span class=\"s1\">Som un col\u00b7legi privat concertat, basat en una concepci\u00f3 humanista de la societat. La personalitat de l&#8217;alumnat \u00e9s el m\u00e9s important del proc\u00e9s pedag\u00f2gic en la seva comprensi\u00f3 sist\u00e8mica<b>,<\/b> activa i en la unitat del cognitiu i l&#8217;afectiu.<\/span><\/p>\n<p class=\"p1\" style=\"text-align: justify;\"><span class=\"s1\">El nostre col\u00b7legi est\u00e0 obert a la societat, integrat en el projecte de la nostra ciutat, Castelldefels, treballem per projectes, per centres d&#8217;inter\u00e8s, investiguem, experimentem, pensem, ens divertim i ens emocionem. <\/span><\/p>\n<p class=\"p3\" style=\"text-align: justify;\"><span class=\"s1\">Som un centre obert constantment a la renovaci\u00f3 i la innovaci\u00f3, amb l&#8217;objectiu d&#8217;una millor educaci\u00f3 i de la formaci\u00f3 d&#8217;uns bons ciutadans compromesos amb la recerca d&#8217;una societat m\u00e9s justa i lliure per a tothom.<\/span><\/p>\n<p>[\/vc_column_text][\/vc_column][vc_column width=&#8221;1\/2&#8243;][vc_single_image image=&#8221;552&#8243; img_size=&#8221;full&#8221;][\/vc_column][\/vc_row][vc_row][vc_column width=&#8221;1\/2&#8243;][vc_single_image image=&#8221;427&#8243; img_size=&#8221;full&#8221;][\/vc_column][vc_column width=&#8221;1\/2&#8243;][vc_column_text]<\/p>\n<h3 class=\"p3\"><strong><span class=\"s1\">Els pilars del nostre Projecte Educatiu s\u00f3n:<\/span><\/strong><\/h3>\n<p>[\/vc_column_text][vc_column_text]<\/p>\n<ul class=\"ul1\">\n<li style=\"text-align: justify;\"><span class=\"s1\" style=\"color: #5b5b5b;\">Apostem per una educaci\u00f3 plural, respectuosa amb totes les creences i sensibilitats, integral, integradora i potenciadora de valors.<\/span><\/li>\n<li style=\"text-align: justify;\"><span class=\"s1\" style=\"color: #5b5b5b;\">Creiem en l&#8217;atenci\u00f3 a la diversitat com un dels eixos fonamentals de l&#8217;educaci\u00f3, factor de cohesi\u00f3 i desenvolupament personal. Volem ser un centre de refer\u00e8ncia en l&#8217;atenci\u00f3 a l&#8217;alumnat.<\/span><\/li>\n<li style=\"text-align: justify;\"><span class=\"s1\" style=\"color: #5b5b5b;\">Cimentem el desenvolupament de l&#8217;educaci\u00f3 emocional: consci\u00e8ncia emocional, regulaci\u00f3 emocional, autogesti\u00f3, intel\u00b7lig\u00e8ncia interpersonal, habilitats de vida i benestar.<\/span><\/li>\n<\/ul>\n<ul class=\"ul1\">\n<li class=\"li3\" style=\"list-style-type: none; text-align: justify;\"><\/li>\n<\/ul>\n<p>[\/vc_column_text][\/vc_column][\/vc_row][vc_row][vc_column width=&#8221;1\/2&#8243;][vc_column_text]<\/p>\n<h3><strong><span class=\"s1\">Tenim una pedagogia activa i vivencial:<\/span><\/strong><\/h3>\n<p>[\/vc_column_text][vc_column_text]<\/p>\n<ul class=\"ul1\">\n<li class=\"li3\" style=\"text-align: justify;\"><span style=\"color: #5b5b5b;\"><span class=\"s1\">Experimentar, construir, pensar, parlar, escriure, dialogar s\u00f3n els infinitius que ens permeten viatjar pel pa\u00eds de l&#8217;aprenentatge<\/span><span class=\"s4\">. <\/span><span class=\"s1\">Un m\u00f3n que ens motiva per a con\u00e8ixer persones, aprendre conceptes i sentir emocions. Aix\u00f2 fa que cada dia sigui a<span class=\"Apple-converted-space\">\u00a0<\/span>l&#8217;escola un dia especial.<\/span><\/span><\/li>\n<li class=\"li3\" style=\"text-align: justify;\"><span class=\"s1\" style=\"color: #5b5b5b;\">El treball cooperatiu i col\u00b7laborador s\u00f3n els pilars de l&#8217;aprenentatge des de la individualitat de l&#8217;alumnat.<\/span><\/li>\n<li class=\"li3\" style=\"text-align: justify;\"><span class=\"s1\" style=\"color: #5b5b5b;\">Pedagogia de l&#8217;enteniment i la comprensi\u00f3 mitjan\u00e7ant projectes.<\/span><\/li>\n<li class=\"li3\" style=\"text-align: justify;\"><span class=\"s1\" style=\"color: #5b5b5b;\">L&#8217;avaluaci\u00f3 \u00e9s la forma de valorar el moment de l\u2019aprenentatge de l&#8217;alumnat i un m\u00e8tode perqu\u00e8 ell, dins d&#8217;aquest proc\u00e9s, aprengui on est\u00e0, qu\u00e8 se li demana i qu\u00e8 necessita.<\/span><\/li>\n<li style=\"text-align: justify;\"><span class=\"s1\" style=\"color: #5b5b5b;\">Sense perdre mai l&#8217;emoci\u00f3 per aprendre, apostem per la recerca de l\u2019excel\u00b7l\u00e8ncia com a repte de superaci\u00f3.<\/span><\/li>\n<li style=\"text-align: justify;\"><span class=\"s1\" style=\"color: #5b5b5b;\">Apostem pel pluriling\u00fcisme. El catal\u00e0 \u00e9s la llengua vehicular del centre des d&#8217;Educaci\u00f3 Infantil. El castell\u00e0 s&#8217;incorpora al Cicle Inicial. En acabar Secund\u00e0ria les dues lleng\u00fces tenen el mateix nivell. Des de P3 s\u2019introdueix l&#8217;angl\u00e8s i des de 5\u00e8 de Prim\u00e0ria el franc\u00e8s. L&#8217;objectiu del centre \u00e9s aconseguir el nivell B2 d&#8217;angl\u00e8s i l\u2019A2 de franc\u00e8s en acabar 4t ESO.<\/span><\/li>\n<li style=\"text-align: justify;\"><span class=\"s1\" style=\"color: #5b5b5b;\">Gaudim amb les activitats art\u00edstiques i culturals integrades en el curr\u00edculum.<\/span><\/li>\n<li style=\"text-align: justify;\"><span class=\"s1\" style=\"color: #5b5b5b;\">Creiem en una escola verda que potenci\u00ef els valors de reduir, reciclar i reutilitzar. L&#8217;alumnat ha de formar-se com a ciutad\u00e0 comprom\u00e8s amb la sostenibilitat.<\/span><\/li>\n<li style=\"text-align: justify;\"><span class=\"s1\" style=\"color: #5b5b5b;\">Una alimentaci\u00f3 sana forma part d\u2019una educaci\u00f3 en salut. Servim un dinar de qualitat, amb men\u00fas dissenyats per a una correcta alimentaci\u00f3 i que permeti a l&#8217;alumnat con\u00e8ixer i degustar una gran varietat de productes. <\/span><\/li>\n<li style=\"text-align: justify;\"><span class=\"s1\" style=\"color: #5b5b5b;\">Considerem l&#8217;activitat f\u00edsica un baluard del proc\u00e9s de maduraci\u00f3 de l&#8217;alumnat i l&#8217;introdueix en la cultura de la vida saludable.<\/span><\/li>\n<li style=\"text-align: justify;\"><span class=\"s1\" style=\"color: #5b5b5b;\">Busquem alumnes solidaris i compromesos amb la societat. Participem en projectes solidaris que ens permetin transmetre valors universals i, alhora, ajudar col\u00b7lectius en situacions de risc.<\/span><\/li>\n<\/ul>\n<ul class=\"ul1\">\n<li class=\"li3\" style=\"list-style-type: none; text-align: justify;\"><\/li>\n<\/ul>\n<p>[\/vc_column_text][\/vc_column][vc_column width=&#8221;1\/2&#8243;][vc_single_image image=&#8221;431&#8243; img_size=&#8221;full&#8221;][\/vc_column][\/vc_row]<\/p>\n<\/div>","protected":false},"excerpt":{"rendered":"<p>[vc_row][vc_column width=&#8221;1\/2&#8243;][vc_column_text] Qui som? [\/vc_column_text][vc_column_text] Som un col\u00b7legi privat concertat, basat en una concepci\u00f3 humanista de la societat. La personalitat de l&#8217;alumnat \u00e9s el m\u00e9s important del proc\u00e9s pedag\u00f2gic en la seva comprensi\u00f3 sist\u00e8mica, activa i en la unitat del cognitiu i l&#8217;afectiu. El nostre col\u00b7legi est\u00e0 obert a la societat, integrat en el projecte [&hellip;]<\/p>\n","protected":false},"author":1,"featured_media":0,"parent":21,"menu_order":0,"comment_status":"closed","ping_status":"closed","template":"","meta":{"footnotes":""},"class_list":["post-24","page","type-page","status-publish","hentry"],"jetpack_sharing_enabled":true,"_links":{"self":[{"href":"https:\/\/frangoal.com\/ca\/wp-json\/wp\/v2\/pages\/24","targetHints":{"allow":["GET"]}}],"collection":[{"href":"https:\/\/frangoal.com\/ca\/wp-json\/wp\/v2\/pages"}],"about":[{"href":"https:\/\/frangoal.com\/ca\/wp-json\/wp\/v2\/types\/page"}],"author":[{"embeddable":true,"href":"https:\/\/frangoal.com\/ca\/wp-json\/wp\/v2\/users\/1"}],"replies":[{"embeddable":true,"href":"https:\/\/frangoal.com\/ca\/wp-json\/wp\/v2\/comments?post=24"}],"version-history":[{"count":0,"href":"https:\/\/frangoal.com\/ca\/wp-json\/wp\/v2\/pages\/24\/revisions"}],"up":[{"embeddable":true,"href":"https:\/\/frangoal.com\/ca\/wp-json\/wp\/v2\/pages\/21"}],"wp:attachment":[{"href":"https:\/\/frangoal.com\/ca\/wp-json\/wp\/v2\/media?parent=24"}],"curies":[{"name":"wp","href":"https:\/\/api.w.org\/{rel}","templated":true}]}}